{"id":8153,"date":"2015-05-16T16:07:56","date_gmt":"2015-05-16T15:07:56","guid":{"rendered":"https:\/\/www.montedocasarao.com\/pt-pt\/gastenboek\/gallerij-casarao\/"},"modified":"2025-12-17T14:15:00","modified_gmt":"2025-12-17T14:15:00","slug":"galerie-casarao","status":"publish","type":"page","link":"https:\/\/www.montedocasarao.com\/pt-pt\/gastenboek\/galerie-casarao\/","title":{"rendered":"Galeria Casar\u00e3o"},"content":{"rendered":"<div class=\"wpb-content-wrapper\">[vc_row fullwidth=&#8221;true&#8221; fullwidth_content=&#8221;false&#8221; el_class=&#8221;background-monte-row-home showcase-image&#8221; css=&#8221;.vc_custom_1519055807128{margin-top: 0px !important;margin-right: 0px !important;margin-bottom: 0px !important;margin-left: 0px !important;padding-top: 0px !important;padding-right: 0px !important;padding-bottom: 0px !important;padding-left: 0px !important;}&#8221;][vc_column css=&#8221;.vc_custom_1519055822648{margin-top: 0px !important;margin-right: 0px !important;margin-bottom: 0px !important;margin-left: 0px !important;padding-top: 0px !important;padding-right: 0px !important;padding-bottom: 0px !important;padding-left: 0px !important;}&#8221;][vc_single_image image=&#8221;4128&#8243; img_size=&#8221;full&#8221; alignment=&#8221;center&#8221;][\/vc_column][\/vc_row][vc_row css=&#8221;.vc_custom_1431789284102{margin-bottom: 1% !important;}&#8221;][vc_column width=&#8221;1\/6&#8243;][\/vc_column][vc_column width=&#8221;2\/3&#8243; el_class=&#8221;winnaars&#8221;][vc_column_text css=&#8221;.vc_custom_1765980859644{margin-bottom: 0px !important;}&#8221;]\n<h1 style=\"text-align: center;\">Galeria Casar\u00e3o<\/h1>\n<p>Um feriado de pintura em Portugal \u00e9 uma experi\u00eancia \u00fanica, especialmente no Monte do Casar\u00e3o. Desde 2008, organizam-se semanas de pintura na antiga planta\u00e7\u00e3o de eucalipto, no litoral alentejano, na primavera e no outono. Ao longo dos anos, muitas pinturas foram feitas, com cada aluno desenvolvendo seu pr\u00f3prio estilo. Na Galerie Casar\u00e3o, voc\u00ea encontrar\u00e1 uma fascinante cole\u00e7\u00e3o de trabalhos.<\/p>\n<p>Assim como em uma galeria real, voc\u00ea pode ver as pinturas uma por vez. Entre, voc\u00ea \u00e9 bem-vindo. E quem sabe, seu trabalho em breve estar\u00e1 em exibi\u00e7\u00e3o na galeria.<\/p>\n<p>V\u00ea o <a href=\"https:\/\/www.montedocasarao.com\/wp-content\/uploads\/2025\/12\/schilderen-2026-engels-1.pdf\" target=\"_blank\" rel=\"noopener noreferrer\">Programma de Pintura 2026<\/a> aqui[\/vc_column_text][\/vc_column][vc_column width=&#8221;1\/6&#8243;][\/vc_column][\/vc_row][vc_row][vc_column css=&#8221;.vc_custom_1519476699800{padding-top: 2% !important;padding-bottom: 3% !important;}&#8221; offset=&#8221;vc_hidden-xs&#8221;][vc_masonry_media_grid element_width=&#8221;2&#8243; filter_size=&#8221;md&#8221; include=&#8221;3161,3153,6681,6637,6677,6669,3157,7169,7182,7186,3149,7190,7194,7198,7202,3173,7206,7210,7214,7218,7222,7226,7230,7234&#8243; grid_id=&#8221;vc_gid:1765980797786-adf615bf-b111-0&#8243;][\/vc_column][\/vc_row][vc_row][vc_column css=&#8221;.vc_custom_1519124878614{padding-top: 2% !important;padding-bottom: 3% !important;}&#8221; offset=&#8221;vc_hidden-lg vc_hidden-md vc_hidden-sm&#8221;][vc_images_carousel images=&#8221;3161,3153,6681,6637,6677,6669,3157,7169,7182,7186,3149,7190,7194,7198,7202,3173,7206,7210,7214,7218,7222,7226,7230,7234&#8243; img_size=&#8221;full&#8221; onclick=&#8221;link_no&#8221;][\/vc_column][\/vc_row][vc_row fullwidth=&#8221;true&#8221; fullwidth_content=&#8221;false&#8221; el_class=&#8221;background&#8221; css=&#8221;.vc_custom_1519085074946{padding-top: 0px !important;padding-bottom: 0px !important;}&#8221;][vc_column css=&#8221;.vc_custom_1519085062491{padding-top: 0px !important;padding-bottom: 0px !important;}&#8221;][vc_row_inner el_class=&#8221;midden row-background-1200&#8243; css=&#8221;.vc_custom_1519085098693{padding-top: 0px !important;padding-bottom: 0px !important;}&#8221;][vc_column_inner el_class=&#8221;green-red-section-kolomn-1&#8243; width=&#8221;1\/4&#8243;][vc_empty_space height=&#8221;40px&#8221;][vc_widget_sidebar sidebar_id=&#8221;sidebar-3&#8243;][vc_empty_space height=&#8221;40px&#8221;][\/vc_column_inner][vc_column_inner el_class=&#8221;blok23_schilderweek green-red-section-kolomn-2&#8243; width=&#8221;1\/4&#8243;][vc_empty_space height=&#8221;40px&#8221;][vc_widget_sidebar sidebar_id=&#8221;sidebar-5&#8243;][vc_empty_space height=&#8221;40px&#8221;][\/vc_column_inner][vc_column_inner el_class=&#8221;blok4_nieuwsbrief green-red-section-kolomn-3&#8243; width=&#8221;1\/2&#8243;][vc_empty_space height=&#8221;40px&#8221;][vc_widget_sidebar sidebar_id=&#8221;sidebar-4&#8243;][vc_empty_space height=&#8221;40px&#8221;][\/vc_column_inner][\/vc_row_inner][\/vc_column][\/vc_row][vc_row css=&#8221;.vc_custom_1518140259470{padding-top: 50px !important;padding-bottom: 50px !important;}&#8221;][vc_column][vc_column_text css=&#8221;.vc_custom_1518167160903{margin-bottom: 0px !important;}&#8221;]\n<h2 style=\"text-align: center;\">LEES HIER ONZE BLOGS<\/h2>\n[\/vc_column_text][mk_blog_teaser orderby=&#8221;rand&#8221;][\/vc_column][\/vc_row]\n<\/div>","protected":false},"excerpt":{"rendered":"<p>[vc_row fullwidth=&#8221;true&#8221; fullwidth_content=&#8221;false&#8221; el_class=&#8221;background-monte-row-home showcase-image&#8221; css=&#8221;.vc_custom_1519055807128{margin-top: 0px !important;margin-right: 0px !important;margin-bottom: 0px !important;margin-left: 0px !important;padding-top: 0px !important;padding-right: 0px !important;padding-bottom: 0px !important;padding-left: 0px !important;}&#8221;][vc_column css=&#8221;.vc_custom_1519055822648{margin-top: 0px !important;margin-right: 0px !important;margin-bottom: 0px !important;margin-left: 0px !important;padding-top: 0px !important;padding-right: 0px !important;padding-bottom: 0px !important;padding-left: 0px !important;}&#8221;][vc_single_image image=&#8221;4128&#8243; img_size=&#8221;full&#8221; alignment=&#8221;center&#8221;][\/vc_column][\/vc_row][vc_row css=&#8221;.vc_custom_1431789284102{margin-bottom: 1% !important;}&#8221;][vc_column width=&#8221;1\/6&#8243;][\/vc_column][vc_column width=&#8221;2\/3&#8243; el_class=&#8221;winnaars&#8221;][vc_column_text css=&#8221;.vc_custom_1765980859644{margin-bottom: 0px !important;}&#8221;] Galeria Casar\u00e3o Um feriado [&hellip;]<\/p>\n","protected":false},"author":5,"featured_media":4123,"parent":8150,"menu_order":0,"comment_status":"open","ping_status":"open","template":"","meta":{"_monsterinsights_skip_tracking":false,"_monsterinsights_sitenote_active":false,"_monsterinsights_sitenote_note":"","_monsterinsights_sitenote_category":0,"footnotes":""},"class_list":["post-8153","page","type-page","status-publish","has-post-thumbnail","hentry"],"yoast_head":"<!-- This site is optimized with the Yoast SEO plugin v27.1.1 - https:\/\/yoast.com\/product\/yoast-seo-wordpress\/ -->\n<title>Galerie Casar\u00e3o, uitgelezen collectie van wat cursisten tijdens de schilderweken op Monte do Casar\u00e3o maken<\/title>\n<meta name=\"description\" content=\"Galerie Casar\u00e3o, schilderijen gemaakt door de cursisten tijdens de schildervakanties in Portugal, in alle technieken. Een overzicht.\" \/>\n<meta name=\"robots\" content=\"index, follow, max-snippet:-1, max-image-preview:large, max-video-preview:-1\" \/>\n<link rel=\"canonical\" href=\"https:\/\/www.montedocasarao.com\/pt-pt\/gastenboek\/galerie-casarao\/\" \/>\n<meta property=\"og:locale\" content=\"pt_PT\" \/>\n<meta property=\"og:type\" content=\"article\" \/>\n<meta property=\"og:title\" content=\"Galerie Casar\u00e3o, uitgelezen collectie van wat cursisten tijdens de schilderweken op Monte do Casar\u00e3o maken\" \/>\n<meta property=\"og:description\" content=\"Galerie Casar\u00e3o, schilderijen gemaakt door de cursisten tijdens de schildervakanties in Portugal, in alle technieken. Een overzicht.\" \/>\n<meta property=\"og:url\" content=\"https:\/\/www.montedocasarao.com\/pt-pt\/gastenboek\/galerie-casarao\/\" \/>\n<meta property=\"og:site_name\" content=\"Monte do Casar\u00e3o\" \/>\n<meta property=\"article:publisher\" content=\"https:\/\/www.facebook.com\/MonteDoCasarao\" \/>\n<meta property=\"article:modified_time\" content=\"2025-12-17T14:15:00+00:00\" \/>\n<meta property=\"og:image\" content=\"https:\/\/www.montedocasarao.com\/wp-content\/uploads\/2015\/01\/f-IMG_7715.jpg\" \/>\n\t<meta property=\"og:image:width\" content=\"800\" \/>\n\t<meta property=\"og:image:height\" content=\"600\" \/>\n\t<meta property=\"og:image:type\" content=\"image\/jpeg\" \/>\n<meta name=\"twitter:label1\" content=\"Tempo estimado de leitura\" \/>\n\t<meta name=\"twitter:data1\" content=\"12 minutos\" \/>\n<script type=\"application\/ld+json\" class=\"yoast-schema-graph\">{\"@context\":\"https:\/\/schema.org\",\"@graph\":[{\"@type\":\"WebPage\",\"@id\":\"https:\/\/www.montedocasarao.com\/pt-pt\/gastenboek\/galerie-casarao\/\",\"url\":\"https:\/\/www.montedocasarao.com\/pt-pt\/gastenboek\/galerie-casarao\/\",\"name\":\"Galerie Casar\u00e3o, uitgelezen collectie van wat cursisten tijdens de schilderweken op Monte do Casar\u00e3o maken\",\"isPartOf\":{\"@id\":\"https:\/\/www.montedocasarao.com\/#website\"},\"primaryImageOfPage\":{\"@id\":\"https:\/\/www.montedocasarao.com\/pt-pt\/gastenboek\/galerie-casarao\/#primaryimage\"},\"image\":{\"@id\":\"https:\/\/www.montedocasarao.com\/pt-pt\/gastenboek\/galerie-casarao\/#primaryimage\"},\"thumbnailUrl\":\"https:\/\/www.montedocasarao.com\/wp-content\/uploads\/2015\/01\/f-IMG_7715.jpg\",\"datePublished\":\"2015-05-16T15:07:56+00:00\",\"dateModified\":\"2025-12-17T14:15:00+00:00\",\"description\":\"Galerie Casar\u00e3o, schilderijen gemaakt door de cursisten tijdens de schildervakanties in Portugal, in alle technieken. Een overzicht.\",\"breadcrumb\":{\"@id\":\"https:\/\/www.montedocasarao.com\/pt-pt\/gastenboek\/galerie-casarao\/#breadcrumb\"},\"inLanguage\":\"pt-PT\",\"potentialAction\":[{\"@type\":\"ReadAction\",\"target\":[\"https:\/\/www.montedocasarao.com\/pt-pt\/gastenboek\/galerie-casarao\/\"]}]},{\"@type\":\"ImageObject\",\"inLanguage\":\"pt-PT\",\"@id\":\"https:\/\/www.montedocasarao.com\/pt-pt\/gastenboek\/galerie-casarao\/#primaryimage\",\"url\":\"https:\/\/www.montedocasarao.com\/wp-content\/uploads\/2015\/01\/f-IMG_7715.jpg\",\"contentUrl\":\"https:\/\/www.montedocasarao.com\/wp-content\/uploads\/2015\/01\/f-IMG_7715.jpg\",\"width\":800,\"height\":600},{\"@type\":\"BreadcrumbList\",\"@id\":\"https:\/\/www.montedocasarao.com\/pt-pt\/gastenboek\/galerie-casarao\/#breadcrumb\",\"itemListElement\":[{\"@type\":\"ListItem\",\"position\":1,\"name\":\"Home\",\"item\":\"https:\/\/www.montedocasarao.com\/pt-pt\/\"},{\"@type\":\"ListItem\",\"position\":2,\"name\":\"Gastenboek\",\"item\":\"https:\/\/www.montedocasarao.com\/pt-pt\/gastenboek\/\"},{\"@type\":\"ListItem\",\"position\":3,\"name\":\"Galeria Casar\u00e3o\"}]},{\"@type\":\"WebSite\",\"@id\":\"https:\/\/www.montedocasarao.com\/#website\",\"url\":\"https:\/\/www.montedocasarao.com\/\",\"name\":\"Monte do Casar\u00e3o\",\"description\":\"\",\"publisher\":{\"@id\":\"https:\/\/www.montedocasarao.com\/#organization\"},\"potentialAction\":[{\"@type\":\"SearchAction\",\"target\":{\"@type\":\"EntryPoint\",\"urlTemplate\":\"https:\/\/www.montedocasarao.com\/?s={search_term_string}\"},\"query-input\":{\"@type\":\"PropertyValueSpecification\",\"valueRequired\":true,\"valueName\":\"search_term_string\"}}],\"inLanguage\":\"pt-PT\"},{\"@type\":\"Organization\",\"@id\":\"https:\/\/www.montedocasarao.com\/#organization\",\"name\":\"Monte do Casar\u00e3o\",\"url\":\"https:\/\/www.montedocasarao.com\/\",\"logo\":{\"@type\":\"ImageObject\",\"inLanguage\":\"pt-PT\",\"@id\":\"https:\/\/www.montedocasarao.com\/#\/schema\/logo\/image\/\",\"url\":\"https:\/\/www.montedocasarao.com\/wp-content\/uploads\/2018\/02\/logo_monte_small.png\",\"contentUrl\":\"https:\/\/www.montedocasarao.com\/wp-content\/uploads\/2018\/02\/logo_monte_small.png\",\"width\":270,\"height\":76,\"caption\":\"Monte do Casar\u00e3o\"},\"image\":{\"@id\":\"https:\/\/www.montedocasarao.com\/#\/schema\/logo\/image\/\"},\"sameAs\":[\"https:\/\/www.facebook.com\/MonteDoCasarao\"]}]}<\/script>\n<!-- \/ Yoast SEO plugin. -->","yoast_head_json":{"title":"Galerie Casar\u00e3o, uitgelezen collectie van wat cursisten tijdens de schilderweken op Monte do Casar\u00e3o maken","description":"Galerie Casar\u00e3o, schilderijen gemaakt door de cursisten tijdens de schildervakanties in Portugal, in alle technieken. Een overzicht.","robots":{"index":"index","follow":"follow","max-snippet":"max-snippet:-1","max-image-preview":"max-image-preview:large","max-video-preview":"max-video-preview:-1"},"canonical":"https:\/\/www.montedocasarao.com\/pt-pt\/gastenboek\/galerie-casarao\/","og_locale":"pt_PT","og_type":"article","og_title":"Galerie Casar\u00e3o, uitgelezen collectie van wat cursisten tijdens de schilderweken op Monte do Casar\u00e3o maken","og_description":"Galerie Casar\u00e3o, schilderijen gemaakt door de cursisten tijdens de schildervakanties in Portugal, in alle technieken. Een overzicht.","og_url":"https:\/\/www.montedocasarao.com\/pt-pt\/gastenboek\/galerie-casarao\/","og_site_name":"Monte do Casar\u00e3o","article_publisher":"https:\/\/www.facebook.com\/MonteDoCasarao","article_modified_time":"2025-12-17T14:15:00+00:00","og_image":[{"width":800,"height":600,"url":"https:\/\/www.montedocasarao.com\/wp-content\/uploads\/2015\/01\/f-IMG_7715.jpg","type":"image\/jpeg"}],"twitter_misc":{"Tempo estimado de leitura":"12 minutos"},"schema":{"@context":"https:\/\/schema.org","@graph":[{"@type":"WebPage","@id":"https:\/\/www.montedocasarao.com\/pt-pt\/gastenboek\/galerie-casarao\/","url":"https:\/\/www.montedocasarao.com\/pt-pt\/gastenboek\/galerie-casarao\/","name":"Galerie Casar\u00e3o, uitgelezen collectie van wat cursisten tijdens de schilderweken op Monte do Casar\u00e3o maken","isPartOf":{"@id":"https:\/\/www.montedocasarao.com\/#website"},"primaryImageOfPage":{"@id":"https:\/\/www.montedocasarao.com\/pt-pt\/gastenboek\/galerie-casarao\/#primaryimage"},"image":{"@id":"https:\/\/www.montedocasarao.com\/pt-pt\/gastenboek\/galerie-casarao\/#primaryimage"},"thumbnailUrl":"https:\/\/www.montedocasarao.com\/wp-content\/uploads\/2015\/01\/f-IMG_7715.jpg","datePublished":"2015-05-16T15:07:56+00:00","dateModified":"2025-12-17T14:15:00+00:00","description":"Galerie Casar\u00e3o, schilderijen gemaakt door de cursisten tijdens de schildervakanties in Portugal, in alle technieken. Een overzicht.","breadcrumb":{"@id":"https:\/\/www.montedocasarao.com\/pt-pt\/gastenboek\/galerie-casarao\/#breadcrumb"},"inLanguage":"pt-PT","potentialAction":[{"@type":"ReadAction","target":["https:\/\/www.montedocasarao.com\/pt-pt\/gastenboek\/galerie-casarao\/"]}]},{"@type":"ImageObject","inLanguage":"pt-PT","@id":"https:\/\/www.montedocasarao.com\/pt-pt\/gastenboek\/galerie-casarao\/#primaryimage","url":"https:\/\/www.montedocasarao.com\/wp-content\/uploads\/2015\/01\/f-IMG_7715.jpg","contentUrl":"https:\/\/www.montedocasarao.com\/wp-content\/uploads\/2015\/01\/f-IMG_7715.jpg","width":800,"height":600},{"@type":"BreadcrumbList","@id":"https:\/\/www.montedocasarao.com\/pt-pt\/gastenboek\/galerie-casarao\/#breadcrumb","itemListElement":[{"@type":"ListItem","position":1,"name":"Home","item":"https:\/\/www.montedocasarao.com\/pt-pt\/"},{"@type":"ListItem","position":2,"name":"Gastenboek","item":"https:\/\/www.montedocasarao.com\/pt-pt\/gastenboek\/"},{"@type":"ListItem","position":3,"name":"Galeria Casar\u00e3o"}]},{"@type":"WebSite","@id":"https:\/\/www.montedocasarao.com\/#website","url":"https:\/\/www.montedocasarao.com\/","name":"Monte do Casar\u00e3o","description":"","publisher":{"@id":"https:\/\/www.montedocasarao.com\/#organization"},"potentialAction":[{"@type":"SearchAction","target":{"@type":"EntryPoint","urlTemplate":"https:\/\/www.montedocasarao.com\/?s={search_term_string}"},"query-input":{"@type":"PropertyValueSpecification","valueRequired":true,"valueName":"search_term_string"}}],"inLanguage":"pt-PT"},{"@type":"Organization","@id":"https:\/\/www.montedocasarao.com\/#organization","name":"Monte do Casar\u00e3o","url":"https:\/\/www.montedocasarao.com\/","logo":{"@type":"ImageObject","inLanguage":"pt-PT","@id":"https:\/\/www.montedocasarao.com\/#\/schema\/logo\/image\/","url":"https:\/\/www.montedocasarao.com\/wp-content\/uploads\/2018\/02\/logo_monte_small.png","contentUrl":"https:\/\/www.montedocasarao.com\/wp-content\/uploads\/2018\/02\/logo_monte_small.png","width":270,"height":76,"caption":"Monte do Casar\u00e3o"},"image":{"@id":"https:\/\/www.montedocasarao.com\/#\/schema\/logo\/image\/"},"sameAs":["https:\/\/www.facebook.com\/MonteDoCasarao"]}]}},"_links":{"self":[{"href":"https:\/\/www.montedocasarao.com\/pt-pt\/wp-json\/wp\/v2\/pages\/8153","targetHints":{"allow":["GET"]}}],"collection":[{"href":"https:\/\/www.montedocasarao.com\/pt-pt\/wp-json\/wp\/v2\/pages"}],"about":[{"href":"https:\/\/www.montedocasarao.com\/pt-pt\/wp-json\/wp\/v2\/types\/page"}],"author":[{"embeddable":true,"href":"https:\/\/www.montedocasarao.com\/pt-pt\/wp-json\/wp\/v2\/users\/5"}],"replies":[{"embeddable":true,"href":"https:\/\/www.montedocasarao.com\/pt-pt\/wp-json\/wp\/v2\/comments?post=8153"}],"version-history":[{"count":18,"href":"https:\/\/www.montedocasarao.com\/pt-pt\/wp-json\/wp\/v2\/pages\/8153\/revisions"}],"predecessor-version":[{"id":17803,"href":"https:\/\/www.montedocasarao.com\/pt-pt\/wp-json\/wp\/v2\/pages\/8153\/revisions\/17803"}],"up":[{"embeddable":true,"href":"https:\/\/www.montedocasarao.com\/pt-pt\/wp-json\/wp\/v2\/pages\/8150"}],"wp:featuredmedia":[{"embeddable":true,"href":"https:\/\/www.montedocasarao.com\/pt-pt\/wp-json\/wp\/v2\/media\/4123"}],"wp:attachment":[{"href":"https:\/\/www.montedocasarao.com\/pt-pt\/wp-json\/wp\/v2\/media?parent=8153"}],"curies":[{"name":"wp","href":"https:\/\/api.w.org\/{rel}","templated":true}]}}