{"id":8165,"date":"2015-03-15T16:17:43","date_gmt":"2015-03-15T15:17:43","guid":{"rendered":"https:\/\/www.montedocasarao.com\/pt-pt\/hoe-het-begon\/bouw\/"},"modified":"2020-05-22T10:42:06","modified_gmt":"2020-05-22T09:42:06","slug":"bouw","status":"publish","type":"page","link":"https:\/\/www.montedocasarao.com\/pt-pt\/hoe-het-begon\/bouw\/","title":{"rendered":"Plano de desenvolvimento"},"content":{"rendered":"<div class=\"wpb-content-wrapper\">[vc_row fullwidth=&#8221;true&#8221; fullwidth_content=&#8221;false&#8221; el_class=&#8221;background-monte-row-home showcase-image&#8221; css=&#8221;.vc_custom_1519055807128{margin-top: 0px !important;margin-right: 0px !important;margin-bottom: 0px !important;margin-left: 0px !important;padding-top: 0px !important;padding-right: 0px !important;padding-bottom: 0px !important;padding-left: 0px !important;}&#8221;][vc_column css=&#8221;.vc_custom_1519055822648{margin-top: 0px !important;margin-right: 0px !important;margin-bottom: 0px !important;margin-left: 0px !important;padding-top: 0px !important;padding-right: 0px !important;padding-bottom: 0px !important;padding-left: 0px !important;}&#8221;][vc_single_image image=&#8221;5258&#8243; img_size=&#8221;full&#8221; alignment=&#8221;center&#8221;][\/vc_column][\/vc_row][vc_row][vc_column width=&#8221;1\/6&#8243;][\/vc_column][vc_column width=&#8221;1\/3&#8243;][vc_column_text css=&#8221;.vc_custom_1590140356295{margin-bottom: 0px !important;}&#8221;]<strong>PLANO DE DESENVOLVIMENTO<\/strong><\/p>\n<p>O plano de desenvolvimento do Monte do Casar\u00e3o foi concebido em boa colabora\u00e7\u00e3o com avisadores e empres\u00e1rios locais.<\/p>\n<p>As casas t\u00eam a vista t\u00edpica dos montes alentejanos, condizem bem no ambiente e est\u00e3o equipadas com todos os confortos modernos.<\/p>\n<p>Monte do Casar\u00e3o \u00e9 em grande parte auto-suficiente:<\/p>\n<ul>\n<li>Tem dois furos (um de 60 e um de 180 metros de profundidade, furado no xisto) que fornecem \u00e1gua suficiente.<\/li>\n<li>Gera a electricidade num sistema avan\u00e7ado que consiste de 48 kV de baterias e uma geradora de gas\u00f3leo de 50 kV. As baterias fornecem diariamente a electricidade e a geradora carrega as baterias. Quando as baterias n\u00e3o fornecem electricidade suficiente, a geradora automaticamente apoia.<\/li>\n<li>A \u00e1gua suja \u00e9 limpa numa ETAR biol\u00f3gica (esta\u00e7\u00e3o de tratamento de \u00e1gua) e pode ser descarregada na \u00e1gua de superf\u00edcie.<\/li>\n<li>Na herdade h\u00e1 em infra-estruturas: 2,3 quil\u00f3metros de caminho de terra e (por baixo da terra) amplamente 2 quil\u00f3metros de cabo el\u00e9ctrico, tubo de \u00e1gua, esgoto, rede de telefone e dados.<\/li>\n<\/ul>\n<p>O terreno est\u00e1 plantado com eucaliptos, sobreiros \u2013 alguns t\u00eam mais de 150 anos de idade \u2013 e azinheiros. Em Portugal os sobreiros e os azinheiros est\u00e3o protegidos por lei.[\/vc_column_text][\/vc_column][vc_column width=&#8221;1\/3&#8243;][vc_column_text css=&#8221;.vc_custom_1590140502840{margin-bottom: 0px !important;}&#8221;]<strong>CONSTRU\u00c7\u00c3O<\/strong><\/p>\n<p><strong><u>HOLANDA<\/u><\/strong><\/p>\n<ul>\n<li><strong>Conselho Executivo:<\/strong><br \/>\nWynand Riemslag, Nel Schimmer (Almere, Holanda) e Lies Schimmer (Capelle aan den IJssel, Holanda)<\/li>\n<\/ul>\n<p><strong><u>PORTUGAL<\/u><\/strong><\/p>\n<ul>\n<li><strong>Arquitectos:<br \/>\n<\/strong>Ana Isabel Cortes (Odemira)<\/li>\n<li><strong>Desenvolvimento do projecto:<\/strong><br \/>\nErik Goedhart (Portugal Home: Melides)<\/li>\n<li><strong>Acompanhamento de constru\u00e7\u00e3o:<\/strong><br \/>\nBert Snijder e Saskia Bastings (Alentejo Home, Gr\u00e2ndola)<\/li>\n<li><strong>Mestre de Obras:<\/strong><br \/>\nManuel Domingos (Vila Nova de Milfontes)<\/li>\n<li><strong>Electricidade<\/strong><br \/>\nJos\u00e9 Manuel Revez (Revez-Solar Ltd.: Beja)<\/li>\n<li><strong>Electrodom\u00e9sticos<\/strong><br \/>\nNobre &amp; Filhos (Vila Nova de Milfontes)<\/li>\n<\/ul>\n[\/vc_column_text][\/vc_column][vc_column width=&#8221;1\/6&#8243;][\/vc_column][\/vc_row][vc_row][vc_column css=&#8221;.vc_custom_1519477610099{padding-top: 2% !important;padding-bottom: 3% !important;}&#8221; offset=&#8221;vc_hidden-xs&#8221;][vc_masonry_media_grid element_width=&#8221;2&#8243; filter_size=&#8221;md&#8221; arrows_design=&#8221;none&#8221; arrows_position=&#8221;inside&#8221; arrows_color=&#8221;blue&#8221; paging_design=&#8221;radio_dots&#8221; paging_color=&#8221;grey&#8221; loop=&#8221;&#8221; autoplay=&#8221;-1&#8243; include=&#8221;5218,5254,5242,5222,5230,5438,5446,5226,5234,5470,5454,5458,5462,5466,5474,5450,5490,5494&#8243; grid_id=&#8221;vc_gid:1590140284085-27e9d385-fa4a-7&#8243;][\/vc_column][\/vc_row][vc_row][vc_column css=&#8221;.vc_custom_1519124878614{padding-top: 2% !important;padding-bottom: 3% !important;}&#8221; offset=&#8221;vc_hidden-lg vc_hidden-md vc_hidden-sm&#8221;][vc_images_carousel images=&#8221;5218,5254,5242,5222,5230,5438,5446,5226,5234,5470,5454,5458,5462,5466,5474,5450,5490,5494&#8243; img_size=&#8221;full&#8221; onclick=&#8221;link_no&#8221;][\/vc_column][\/vc_row][vc_row fullwidth=&#8221;true&#8221; fullwidth_content=&#8221;false&#8221; el_class=&#8221;background&#8221; css=&#8221;.vc_custom_1519085074946{padding-top: 0px !important;padding-bottom: 0px !important;}&#8221;][vc_column css=&#8221;.vc_custom_1519085062491{padding-top: 0px !important;padding-bottom: 0px !important;}&#8221;][vc_row_inner el_class=&#8221;midden row-background-1200&#8243; css=&#8221;.vc_custom_1519085098693{padding-top: 0px !important;padding-bottom: 0px !important;}&#8221;][vc_column_inner el_class=&#8221;green-red-section-kolomn-1&#8243; width=&#8221;1\/4&#8243;][vc_empty_space height=&#8221;40px&#8221;][vc_widget_sidebar sidebar_id=&#8221;sidebar-3&#8243;][vc_empty_space height=&#8221;40px&#8221;][\/vc_column_inner][vc_column_inner el_class=&#8221;blok23_schilderweek green-red-section-kolomn-2&#8243; width=&#8221;1\/4&#8243;][vc_empty_space height=&#8221;40px&#8221;][vc_widget_sidebar sidebar_id=&#8221;sidebar-5&#8243;][vc_empty_space height=&#8221;40px&#8221;][\/vc_column_inner][vc_column_inner el_class=&#8221;blok4_nieuwsbrief green-red-section-kolomn-3&#8243; width=&#8221;1\/2&#8243;][vc_empty_space height=&#8221;40px&#8221;][vc_widget_sidebar sidebar_id=&#8221;sidebar-4&#8243;][vc_empty_space height=&#8221;40px&#8221;][\/vc_column_inner][\/vc_row_inner][\/vc_column][\/vc_row][vc_row css=&#8221;.vc_custom_1518140259470{padding-top: 50px !important;padding-bottom: 50px !important;}&#8221;][vc_column][vc_column_text css=&#8221;.vc_custom_1518167160903{margin-bottom: 0px !important;}&#8221;]\n<h2 style=\"text-align: center;\">LEES HIER ONZE BLOGS<\/h2>\n[\/vc_column_text][mk_blog_teaser orderby=&#8221;rand&#8221;][\/vc_column][\/vc_row]\n<\/div>","protected":false},"excerpt":{"rendered":"<p>[vc_row fullwidth=&#8221;true&#8221; fullwidth_content=&#8221;false&#8221; el_class=&#8221;background-monte-row-home showcase-image&#8221; css=&#8221;.vc_custom_1519055807128{margin-top: 0px !important;margin-right: 0px !important;margin-bottom: 0px !important;margin-left: 0px !important;padding-top: 0px !important;padding-right: 0px !important;padding-bottom: 0px !important;padding-left: 0px !important;}&#8221;][vc_column css=&#8221;.vc_custom_1519055822648{margin-top: 0px !important;margin-right: 0px !important;margin-bottom: 0px !important;margin-left: 0px !important;padding-top: 0px !important;padding-right: 0px !important;padding-bottom: 0px !important;padding-left: 0px !important;}&#8221;][vc_single_image image=&#8221;5258&#8243; img_size=&#8221;full&#8221; alignment=&#8221;center&#8221;][\/vc_column][\/vc_row][vc_row][vc_column width=&#8221;1\/6&#8243;][\/vc_column][vc_column width=&#8221;1\/3&#8243;][vc_column_text css=&#8221;.vc_custom_1590140356295{margin-bottom: 0px !important;}&#8221;]PLANO DE DESENVOLVIMENTO O plano de desenvolvimento do Monte [&hellip;]<\/p>\n","protected":false},"author":5,"featured_media":5253,"parent":8162,"menu_order":0,"comment_status":"open","ping_status":"open","template":"","meta":{"_monsterinsights_skip_tracking":false,"_monsterinsights_sitenote_active":false,"_monsterinsights_sitenote_note":"","_monsterinsights_sitenote_category":0,"footnotes":""},"class_list":["post-8165","page","type-page","status-publish","has-post-thumbnail","hentry"],"yoast_head":"<!-- This site is optimized with the Yoast SEO plugin v27.1.1 - https:\/\/yoast.com\/product\/yoast-seo-wordpress\/ -->\n<title>Plano de desenvolvimento - Monte do Casar\u00e3o<\/title>\n<meta name=\"robots\" content=\"index, follow, max-snippet:-1, max-image-preview:large, max-video-preview:-1\" \/>\n<link rel=\"canonical\" href=\"https:\/\/www.montedocasarao.com\/pt-pt\/hoe-het-begon\/bouw\/\" \/>\n<meta property=\"og:locale\" content=\"pt_PT\" \/>\n<meta property=\"og:type\" content=\"article\" \/>\n<meta property=\"og:title\" content=\"Plano de desenvolvimento - Monte do Casar\u00e3o\" \/>\n<meta property=\"og:description\" content=\"[vc_row fullwidth=&#8221;true&#8221; fullwidth_content=&#8221;false&#8221; el_class=&#8221;background-monte-row-home showcase-image&#8221; css=&#8221;.vc_custom_1519055807128{margin-top: 0px !important;margin-right: 0px !important;margin-bottom: 0px !important;margin-left: 0px !important;padding-top: 0px !important;padding-right: 0px !important;padding-bottom: 0px !important;padding-left: 0px !important;}&#8221;][vc_column css=&#8221;.vc_custom_1519055822648{margin-top: 0px !important;margin-right: 0px !important;margin-bottom: 0px !important;margin-left: 0px !important;padding-top: 0px !important;padding-right: 0px !important;padding-bottom: 0px !important;padding-left: 0px !important;}&#8221;][vc_single_image image=&#8221;5258&#8243; img_size=&#8221;full&#8221; alignment=&#8221;center&#8221;][\/vc_column][\/vc_row][vc_row][vc_column width=&#8221;1\/6&#8243;][\/vc_column][vc_column width=&#8221;1\/3&#8243;][vc_column_text css=&#8221;.vc_custom_1590140356295{margin-bottom: 0px !important;}&#8221;]PLANO DE DESENVOLVIMENTO O plano de desenvolvimento do Monte [&hellip;]\" \/>\n<meta property=\"og:url\" content=\"https:\/\/www.montedocasarao.com\/pt-pt\/hoe-het-begon\/bouw\/\" \/>\n<meta property=\"og:site_name\" content=\"Monte do Casar\u00e3o\" \/>\n<meta property=\"article:publisher\" content=\"https:\/\/www.facebook.com\/MonteDoCasarao\" \/>\n<meta property=\"article:modified_time\" content=\"2020-05-22T09:42:06+00:00\" \/>\n<meta property=\"og:image\" content=\"https:\/\/www.montedocasarao.com\/wp-content\/uploads\/2015\/03\/Vakantie-in-Portugal-Monte-do-Casarao-Bouw-a.jpg\" \/>\n\t<meta property=\"og:image:width\" content=\"800\" \/>\n\t<meta property=\"og:image:height\" content=\"451\" \/>\n\t<meta property=\"og:image:type\" content=\"image\/jpeg\" \/>\n<meta name=\"twitter:label1\" content=\"Tempo estimado de leitura\" \/>\n\t<meta name=\"twitter:data1\" content=\"3 minutos\" \/>\n<script type=\"application\/ld+json\" class=\"yoast-schema-graph\">{\"@context\":\"https:\/\/schema.org\",\"@graph\":[{\"@type\":\"WebPage\",\"@id\":\"https:\/\/www.montedocasarao.com\/pt-pt\/hoe-het-begon\/bouw\/\",\"url\":\"https:\/\/www.montedocasarao.com\/pt-pt\/hoe-het-begon\/bouw\/\",\"name\":\"Plano de desenvolvimento - Monte do Casar\u00e3o\",\"isPartOf\":{\"@id\":\"https:\/\/www.montedocasarao.com\/#website\"},\"primaryImageOfPage\":{\"@id\":\"https:\/\/www.montedocasarao.com\/pt-pt\/hoe-het-begon\/bouw\/#primaryimage\"},\"image\":{\"@id\":\"https:\/\/www.montedocasarao.com\/pt-pt\/hoe-het-begon\/bouw\/#primaryimage\"},\"thumbnailUrl\":\"https:\/\/www.montedocasarao.com\/wp-content\/uploads\/2015\/03\/Vakantie-in-Portugal-Monte-do-Casarao-Bouw-a.jpg\",\"datePublished\":\"2015-03-15T15:17:43+00:00\",\"dateModified\":\"2020-05-22T09:42:06+00:00\",\"breadcrumb\":{\"@id\":\"https:\/\/www.montedocasarao.com\/pt-pt\/hoe-het-begon\/bouw\/#breadcrumb\"},\"inLanguage\":\"pt-PT\",\"potentialAction\":[{\"@type\":\"ReadAction\",\"target\":[\"https:\/\/www.montedocasarao.com\/pt-pt\/hoe-het-begon\/bouw\/\"]}]},{\"@type\":\"ImageObject\",\"inLanguage\":\"pt-PT\",\"@id\":\"https:\/\/www.montedocasarao.com\/pt-pt\/hoe-het-begon\/bouw\/#primaryimage\",\"url\":\"https:\/\/www.montedocasarao.com\/wp-content\/uploads\/2015\/03\/Vakantie-in-Portugal-Monte-do-Casarao-Bouw-a.jpg\",\"contentUrl\":\"https:\/\/www.montedocasarao.com\/wp-content\/uploads\/2015\/03\/Vakantie-in-Portugal-Monte-do-Casarao-Bouw-a.jpg\",\"width\":800,\"height\":451},{\"@type\":\"BreadcrumbList\",\"@id\":\"https:\/\/www.montedocasarao.com\/pt-pt\/hoe-het-begon\/bouw\/#breadcrumb\",\"itemListElement\":[{\"@type\":\"ListItem\",\"position\":1,\"name\":\"Home\",\"item\":\"https:\/\/www.montedocasarao.com\/pt-pt\/\"},{\"@type\":\"ListItem\",\"position\":2,\"name\":\"Hist\u00f3ria\",\"item\":\"https:\/\/www.montedocasarao.com\/pt-pt\/hoe-het-begon\/\"},{\"@type\":\"ListItem\",\"position\":3,\"name\":\"Plano de desenvolvimento\"}]},{\"@type\":\"WebSite\",\"@id\":\"https:\/\/www.montedocasarao.com\/#website\",\"url\":\"https:\/\/www.montedocasarao.com\/\",\"name\":\"Monte do Casar\u00e3o\",\"description\":\"\",\"publisher\":{\"@id\":\"https:\/\/www.montedocasarao.com\/#organization\"},\"potentialAction\":[{\"@type\":\"SearchAction\",\"target\":{\"@type\":\"EntryPoint\",\"urlTemplate\":\"https:\/\/www.montedocasarao.com\/?s={search_term_string}\"},\"query-input\":{\"@type\":\"PropertyValueSpecification\",\"valueRequired\":true,\"valueName\":\"search_term_string\"}}],\"inLanguage\":\"pt-PT\"},{\"@type\":\"Organization\",\"@id\":\"https:\/\/www.montedocasarao.com\/#organization\",\"name\":\"Monte do Casar\u00e3o\",\"url\":\"https:\/\/www.montedocasarao.com\/\",\"logo\":{\"@type\":\"ImageObject\",\"inLanguage\":\"pt-PT\",\"@id\":\"https:\/\/www.montedocasarao.com\/#\/schema\/logo\/image\/\",\"url\":\"https:\/\/www.montedocasarao.com\/wp-content\/uploads\/2018\/02\/logo_monte_small.png\",\"contentUrl\":\"https:\/\/www.montedocasarao.com\/wp-content\/uploads\/2018\/02\/logo_monte_small.png\",\"width\":270,\"height\":76,\"caption\":\"Monte do Casar\u00e3o\"},\"image\":{\"@id\":\"https:\/\/www.montedocasarao.com\/#\/schema\/logo\/image\/\"},\"sameAs\":[\"https:\/\/www.facebook.com\/MonteDoCasarao\"]}]}<\/script>\n<!-- \/ Yoast SEO plugin. -->","yoast_head_json":{"title":"Plano de desenvolvimento - Monte do Casar\u00e3o","robots":{"index":"index","follow":"follow","max-snippet":"max-snippet:-1","max-image-preview":"max-image-preview:large","max-video-preview":"max-video-preview:-1"},"canonical":"https:\/\/www.montedocasarao.com\/pt-pt\/hoe-het-begon\/bouw\/","og_locale":"pt_PT","og_type":"article","og_title":"Plano de desenvolvimento - Monte do Casar\u00e3o","og_description":"[vc_row fullwidth=&#8221;true&#8221; fullwidth_content=&#8221;false&#8221; el_class=&#8221;background-monte-row-home showcase-image&#8221; css=&#8221;.vc_custom_1519055807128{margin-top: 0px !important;margin-right: 0px !important;margin-bottom: 0px !important;margin-left: 0px !important;padding-top: 0px !important;padding-right: 0px !important;padding-bottom: 0px !important;padding-left: 0px !important;}&#8221;][vc_column css=&#8221;.vc_custom_1519055822648{margin-top: 0px !important;margin-right: 0px !important;margin-bottom: 0px !important;margin-left: 0px !important;padding-top: 0px !important;padding-right: 0px !important;padding-bottom: 0px !important;padding-left: 0px !important;}&#8221;][vc_single_image image=&#8221;5258&#8243; img_size=&#8221;full&#8221; alignment=&#8221;center&#8221;][\/vc_column][\/vc_row][vc_row][vc_column width=&#8221;1\/6&#8243;][\/vc_column][vc_column width=&#8221;1\/3&#8243;][vc_column_text css=&#8221;.vc_custom_1590140356295{margin-bottom: 0px !important;}&#8221;]PLANO DE DESENVOLVIMENTO O plano de desenvolvimento do Monte [&hellip;]","og_url":"https:\/\/www.montedocasarao.com\/pt-pt\/hoe-het-begon\/bouw\/","og_site_name":"Monte do Casar\u00e3o","article_publisher":"https:\/\/www.facebook.com\/MonteDoCasarao","article_modified_time":"2020-05-22T09:42:06+00:00","og_image":[{"width":800,"height":451,"url":"https:\/\/www.montedocasarao.com\/wp-content\/uploads\/2015\/03\/Vakantie-in-Portugal-Monte-do-Casarao-Bouw-a.jpg","type":"image\/jpeg"}],"twitter_misc":{"Tempo estimado de leitura":"3 minutos"},"schema":{"@context":"https:\/\/schema.org","@graph":[{"@type":"WebPage","@id":"https:\/\/www.montedocasarao.com\/pt-pt\/hoe-het-begon\/bouw\/","url":"https:\/\/www.montedocasarao.com\/pt-pt\/hoe-het-begon\/bouw\/","name":"Plano de desenvolvimento - Monte do Casar\u00e3o","isPartOf":{"@id":"https:\/\/www.montedocasarao.com\/#website"},"primaryImageOfPage":{"@id":"https:\/\/www.montedocasarao.com\/pt-pt\/hoe-het-begon\/bouw\/#primaryimage"},"image":{"@id":"https:\/\/www.montedocasarao.com\/pt-pt\/hoe-het-begon\/bouw\/#primaryimage"},"thumbnailUrl":"https:\/\/www.montedocasarao.com\/wp-content\/uploads\/2015\/03\/Vakantie-in-Portugal-Monte-do-Casarao-Bouw-a.jpg","datePublished":"2015-03-15T15:17:43+00:00","dateModified":"2020-05-22T09:42:06+00:00","breadcrumb":{"@id":"https:\/\/www.montedocasarao.com\/pt-pt\/hoe-het-begon\/bouw\/#breadcrumb"},"inLanguage":"pt-PT","potentialAction":[{"@type":"ReadAction","target":["https:\/\/www.montedocasarao.com\/pt-pt\/hoe-het-begon\/bouw\/"]}]},{"@type":"ImageObject","inLanguage":"pt-PT","@id":"https:\/\/www.montedocasarao.com\/pt-pt\/hoe-het-begon\/bouw\/#primaryimage","url":"https:\/\/www.montedocasarao.com\/wp-content\/uploads\/2015\/03\/Vakantie-in-Portugal-Monte-do-Casarao-Bouw-a.jpg","contentUrl":"https:\/\/www.montedocasarao.com\/wp-content\/uploads\/2015\/03\/Vakantie-in-Portugal-Monte-do-Casarao-Bouw-a.jpg","width":800,"height":451},{"@type":"BreadcrumbList","@id":"https:\/\/www.montedocasarao.com\/pt-pt\/hoe-het-begon\/bouw\/#breadcrumb","itemListElement":[{"@type":"ListItem","position":1,"name":"Home","item":"https:\/\/www.montedocasarao.com\/pt-pt\/"},{"@type":"ListItem","position":2,"name":"Hist\u00f3ria","item":"https:\/\/www.montedocasarao.com\/pt-pt\/hoe-het-begon\/"},{"@type":"ListItem","position":3,"name":"Plano de desenvolvimento"}]},{"@type":"WebSite","@id":"https:\/\/www.montedocasarao.com\/#website","url":"https:\/\/www.montedocasarao.com\/","name":"Monte do Casar\u00e3o","description":"","publisher":{"@id":"https:\/\/www.montedocasarao.com\/#organization"},"potentialAction":[{"@type":"SearchAction","target":{"@type":"EntryPoint","urlTemplate":"https:\/\/www.montedocasarao.com\/?s={search_term_string}"},"query-input":{"@type":"PropertyValueSpecification","valueRequired":true,"valueName":"search_term_string"}}],"inLanguage":"pt-PT"},{"@type":"Organization","@id":"https:\/\/www.montedocasarao.com\/#organization","name":"Monte do Casar\u00e3o","url":"https:\/\/www.montedocasarao.com\/","logo":{"@type":"ImageObject","inLanguage":"pt-PT","@id":"https:\/\/www.montedocasarao.com\/#\/schema\/logo\/image\/","url":"https:\/\/www.montedocasarao.com\/wp-content\/uploads\/2018\/02\/logo_monte_small.png","contentUrl":"https:\/\/www.montedocasarao.com\/wp-content\/uploads\/2018\/02\/logo_monte_small.png","width":270,"height":76,"caption":"Monte do Casar\u00e3o"},"image":{"@id":"https:\/\/www.montedocasarao.com\/#\/schema\/logo\/image\/"},"sameAs":["https:\/\/www.facebook.com\/MonteDoCasarao"]}]}},"_links":{"self":[{"href":"https:\/\/www.montedocasarao.com\/pt-pt\/wp-json\/wp\/v2\/pages\/8165","targetHints":{"allow":["GET"]}}],"collection":[{"href":"https:\/\/www.montedocasarao.com\/pt-pt\/wp-json\/wp\/v2\/pages"}],"about":[{"href":"https:\/\/www.montedocasarao.com\/pt-pt\/wp-json\/wp\/v2\/types\/page"}],"author":[{"embeddable":true,"href":"https:\/\/www.montedocasarao.com\/pt-pt\/wp-json\/wp\/v2\/users\/5"}],"replies":[{"embeddable":true,"href":"https:\/\/www.montedocasarao.com\/pt-pt\/wp-json\/wp\/v2\/comments?post=8165"}],"version-history":[{"count":3,"href":"https:\/\/www.montedocasarao.com\/pt-pt\/wp-json\/wp\/v2\/pages\/8165\/revisions"}],"predecessor-version":[{"id":14361,"href":"https:\/\/www.montedocasarao.com\/pt-pt\/wp-json\/wp\/v2\/pages\/8165\/revisions\/14361"}],"up":[{"embeddable":true,"href":"https:\/\/www.montedocasarao.com\/pt-pt\/wp-json\/wp\/v2\/pages\/8162"}],"wp:featuredmedia":[{"embeddable":true,"href":"https:\/\/www.montedocasarao.com\/pt-pt\/wp-json\/wp\/v2\/media\/5253"}],"wp:attachment":[{"href":"https:\/\/www.montedocasarao.com\/pt-pt\/wp-json\/wp\/v2\/media?parent=8165"}],"curies":[{"name":"wp","href":"https:\/\/api.w.org\/{rel}","templated":true}]}}