{"id":8176,"date":"2015-03-15T16:33:53","date_gmt":"2015-03-15T15:33:53","guid":{"rendered":"https:\/\/www.montedocasarao.com\/pt-pt\/hoe-het-begon\/verwarming\/"},"modified":"2020-05-22T11:56:22","modified_gmt":"2020-05-22T10:56:22","slug":"verwarming","status":"publish","type":"page","link":"https:\/\/www.montedocasarao.com\/pt-pt\/hoe-het-begon\/verwarming\/","title":{"rendered":"Aquecimento central"},"content":{"rendered":"<div class=\"wpb-content-wrapper\">[vc_row fullwidth=&#8221;true&#8221; fullwidth_content=&#8221;false&#8221; el_class=&#8221;background-monte-row-home showcase-image&#8221; css=&#8221;.vc_custom_1519055807128{margin-top: 0px !important;margin-right: 0px !important;margin-bottom: 0px !important;margin-left: 0px !important;padding-top: 0px !important;padding-right: 0px !important;padding-bottom: 0px !important;padding-left: 0px !important;}&#8221;][vc_column css=&#8221;.vc_custom_1519055822648{margin-top: 0px !important;margin-right: 0px !important;margin-bottom: 0px !important;margin-left: 0px !important;padding-top: 0px !important;padding-right: 0px !important;padding-bottom: 0px !important;padding-left: 0px !important;}&#8221;][vc_single_image image=&#8221;4358&#8243; img_size=&#8221;full&#8221; alignment=&#8221;center&#8221;][\/vc_column][\/vc_row][vc_row css=&#8221;.vc_custom_1426433093155{padding-bottom: 2% !important;}&#8221; boxedcontent=&#8221;boxed&#8221;][vc_column width=&#8221;1\/6&#8243;][\/vc_column][vc_column width=&#8221;2\/3&#8243;][vc_column_text css=&#8221;.vc_custom_1590144971889{margin-bottom: 0px !important;}&#8221;]\n<h2><span style=\"color: #ff0000;\">AQUECIMENTO CENTRAL<\/span><\/h2>\n<p>Em final de Novembro as noites come\u00e7am a a ser mais frias. A lareira de aquecimento central \u2013 uma lareira que ao mesmo tempo aquece os radiadores \u2013 faz o ambiente dos nossos montes agrad\u00e1veis em pouco tempo. A lareira tem uma capacidade de 4.000 quilojoules e os montes s\u00f3 precisam de 1.200. Mas \u00e9 necess\u00e1rio haver lenha.<\/p>\n<p>Nos 35 hectares do Monte do Casar\u00e3o h\u00e1 suficientes azinheiras e sobreiros mortos. Para poder cort\u00e1-los \u00e9 obrigat\u00f3ria uma licen\u00e7a. S\u00e3o \u00e1rvores protegidas por lei. At\u00e9 para pod\u00e1-los e para tirar as ramas mortas \u00e9 preciso uma licen\u00e7a. Parece exagerado, mas tem l\u00f3gica. Azinheiras e sobreiros s\u00e3o na vista alentejana elementos decisivos. Conhecedores estimam que algumas das nossas \u00e1rvores mortas t\u00eam mais do que 250 anos de idade! Portanto n\u00e3o s\u00e3o coisas para tratar com ligeireza.<\/p>\n<p>Para obter a licen\u00e7a de cortar, \u00e9 necess\u00e1rio pintar todas as \u00e1rvores que s\u00e3o para cortar com uma linha branca. Um trabalho substancial. No fim, no nosso caso trata-se de 39 sobreiros e 17 azinheiras. Num mapa tem que ser registado onde est\u00e3o localizadas as \u00e1rvores. O instituto agr\u00edcola e florestal concede a licen\u00e7a. \u00c9 poss\u00edvel que algu\u00e9m do instituto possa fazer uma vistoria para controlar se as \u00e1rvores pintadas est\u00e3o verdadeiramente mortas (no nosso caso n\u00e3o aconteceu). A licen\u00e7a foi concedida e o trabalho pode come\u00e7ar.<\/p>\n<p>Dizem que quem tem uma lareira se aquece tr\u00eas vezes. \u00c9 mesmo verdade: primeiro cortar a \u00e1rvore, depois cortar em peda\u00e7os, juntar os peda\u00e7os todos e no final lixar os peda\u00e7os em peda\u00e7os que cabem na lareira. S\u00f3 depois desse processo todo\u00a0 \u00e9 que se pode queimar a lenha.<\/p>\n<p>O trabalho foi feito. H\u00e1 mais do que lenha suficiente para ultrapassar o inverno. Os nossos h\u00f3spedes, felizes, t\u00eam usado as suas lareiras. Um fogo de lareira na sala tem sempre algo de fascinante e m\u00e1gico.[\/vc_column_text][\/vc_column][vc_column width=&#8221;1\/6&#8243;][\/vc_column][\/vc_row][vc_row][vc_column css=&#8221;.vc_custom_1519478069516{padding-top: 2% !important;padding-bottom: 3% !important;}&#8221; offset=&#8221;vc_hidden-xs&#8221;][vc_masonry_media_grid element_width=&#8221;2&#8243; filter_size=&#8221;md&#8221; arrows_design=&#8221;none&#8221; arrows_position=&#8221;inside&#8221; arrows_color=&#8221;blue&#8221; paging_design=&#8221;radio_dots&#8221; paging_color=&#8221;grey&#8221; loop=&#8221;&#8221; autoplay=&#8221;-1&#8243; include=&#8221;4362,4316,4320,4308,4324,4328,4332,4336,4312,4348,4340,4344&#8243; grid_id=&#8221;vc_gid:1590144863527-6ca15c5f-9bb2-4&#8243;][\/vc_column][\/vc_row][vc_row][vc_column css=&#8221;.vc_custom_1519124878614{padding-top: 2% !important;padding-bottom: 3% !important;}&#8221; offset=&#8221;vc_hidden-lg vc_hidden-md vc_hidden-sm&#8221;][vc_images_carousel images=&#8221;4362,4316,4320,4308,4324,4328,4332,4336,4312,4348,4340,4344&#8243; img_size=&#8221;full&#8221; onclick=&#8221;link_no&#8221;][\/vc_column][\/vc_row][vc_row fullwidth=&#8221;true&#8221; fullwidth_content=&#8221;false&#8221; el_class=&#8221;background&#8221; css=&#8221;.vc_custom_1519085074946{padding-top: 0px !important;padding-bottom: 0px !important;}&#8221;][vc_column css=&#8221;.vc_custom_1519085062491{padding-top: 0px !important;padding-bottom: 0px !important;}&#8221;][vc_row_inner el_class=&#8221;midden row-background-1200&#8243; css=&#8221;.vc_custom_1519085098693{padding-top: 0px !important;padding-bottom: 0px !important;}&#8221;][vc_column_inner el_class=&#8221;green-red-section-kolomn-1&#8243; width=&#8221;1\/4&#8243;][vc_empty_space height=&#8221;40px&#8221;][vc_widget_sidebar sidebar_id=&#8221;sidebar-3&#8243;][vc_empty_space height=&#8221;40px&#8221;][\/vc_column_inner][vc_column_inner el_class=&#8221;blok23_schilderweek green-red-section-kolomn-2&#8243; width=&#8221;1\/4&#8243;][vc_empty_space height=&#8221;40px&#8221;][vc_widget_sidebar sidebar_id=&#8221;sidebar-5&#8243;][vc_empty_space height=&#8221;40px&#8221;][\/vc_column_inner][vc_column_inner el_class=&#8221;blok4_nieuwsbrief green-red-section-kolomn-3&#8243; width=&#8221;1\/2&#8243;][vc_empty_space height=&#8221;40px&#8221;][vc_widget_sidebar sidebar_id=&#8221;sidebar-4&#8243;][vc_empty_space height=&#8221;40px&#8221;][\/vc_column_inner][\/vc_row_inner][\/vc_column][\/vc_row][vc_row css=&#8221;.vc_custom_1518140259470{padding-top: 50px !important;padding-bottom: 50px !important;}&#8221;][vc_column][vc_column_text css=&#8221;.vc_custom_1518167160903{margin-bottom: 0px !important;}&#8221;]\n<h2 style=\"text-align: center;\">LEES HIER ONZE BLOGS<\/h2>\n[\/vc_column_text][mk_blog_teaser orderby=&#8221;rand&#8221;][\/vc_column][\/vc_row]\n<\/div>","protected":false},"excerpt":{"rendered":"<p>[vc_row fullwidth=&#8221;true&#8221; fullwidth_content=&#8221;false&#8221; el_class=&#8221;background-monte-row-home showcase-image&#8221; css=&#8221;.vc_custom_1519055807128{margin-top: 0px !important;margin-right: 0px !important;margin-bottom: 0px !important;margin-left: 0px !important;padding-top: 0px !important;padding-right: 0px !important;padding-bottom: 0px !important;padding-left: 0px !important;}&#8221;][vc_column css=&#8221;.vc_custom_1519055822648{margin-top: 0px !important;margin-right: 0px !important;margin-bottom: 0px !important;margin-left: 0px !important;padding-top: 0px !important;padding-right: 0px !important;padding-bottom: 0px !important;padding-left: 0px !important;}&#8221;][vc_single_image image=&#8221;4358&#8243; img_size=&#8221;full&#8221; alignment=&#8221;center&#8221;][\/vc_column][\/vc_row][vc_row css=&#8221;.vc_custom_1426433093155{padding-bottom: 2% !important;}&#8221; boxedcontent=&#8221;boxed&#8221;][vc_column width=&#8221;1\/6&#8243;][\/vc_column][vc_column width=&#8221;2\/3&#8243;][vc_column_text css=&#8221;.vc_custom_1590144971889{margin-bottom: 0px !important;}&#8221;] AQUECIMENTO CENTRAL Em final [&hellip;]<\/p>\n","protected":false},"author":5,"featured_media":4357,"parent":8162,"menu_order":0,"comment_status":"open","ping_status":"open","template":"","meta":{"_monsterinsights_skip_tracking":false,"_monsterinsights_sitenote_active":false,"_monsterinsights_sitenote_note":"","_monsterinsights_sitenote_category":0,"footnotes":""},"class_list":["post-8176","page","type-page","status-publish","has-post-thumbnail","hentry"],"yoast_head":"<!-- This site is optimized with the Yoast SEO plugin v27.1.1 - https:\/\/yoast.com\/product\/yoast-seo-wordpress\/ -->\n<title>Aquecimento central - Monte do Casar\u00e3o<\/title>\n<meta name=\"robots\" content=\"index, follow, max-snippet:-1, max-image-preview:large, max-video-preview:-1\" \/>\n<link rel=\"canonical\" href=\"https:\/\/www.montedocasarao.com\/pt-pt\/hoe-het-begon\/verwarming\/\" \/>\n<meta property=\"og:locale\" content=\"pt_PT\" \/>\n<meta property=\"og:type\" content=\"article\" \/>\n<meta property=\"og:title\" content=\"Aquecimento central - Monte do Casar\u00e3o\" \/>\n<meta property=\"og:description\" content=\"[vc_row fullwidth=&#8221;true&#8221; fullwidth_content=&#8221;false&#8221; el_class=&#8221;background-monte-row-home showcase-image&#8221; css=&#8221;.vc_custom_1519055807128{margin-top: 0px !important;margin-right: 0px !important;margin-bottom: 0px !important;margin-left: 0px !important;padding-top: 0px !important;padding-right: 0px !important;padding-bottom: 0px !important;padding-left: 0px !important;}&#8221;][vc_column css=&#8221;.vc_custom_1519055822648{margin-top: 0px !important;margin-right: 0px !important;margin-bottom: 0px !important;margin-left: 0px !important;padding-top: 0px !important;padding-right: 0px !important;padding-bottom: 0px !important;padding-left: 0px !important;}&#8221;][vc_single_image image=&#8221;4358&#8243; img_size=&#8221;full&#8221; alignment=&#8221;center&#8221;][\/vc_column][\/vc_row][vc_row css=&#8221;.vc_custom_1426433093155{padding-bottom: 2% !important;}&#8221; boxedcontent=&#8221;boxed&#8221;][vc_column width=&#8221;1\/6&#8243;][\/vc_column][vc_column width=&#8221;2\/3&#8243;][vc_column_text css=&#8221;.vc_custom_1590144971889{margin-bottom: 0px !important;}&#8221;] AQUECIMENTO CENTRAL Em final [&hellip;]\" \/>\n<meta property=\"og:url\" content=\"https:\/\/www.montedocasarao.com\/pt-pt\/hoe-het-begon\/verwarming\/\" \/>\n<meta property=\"og:site_name\" content=\"Monte do Casar\u00e3o\" \/>\n<meta property=\"article:publisher\" content=\"https:\/\/www.facebook.com\/MonteDoCasarao\" \/>\n<meta property=\"article:modified_time\" content=\"2020-05-22T10:56:22+00:00\" \/>\n<meta property=\"og:image\" content=\"https:\/\/www.montedocasarao.com\/wp-content\/uploads\/2015\/03\/Vakantie-in-Portugal-MdC-Hout-cv-800x4501.jpg\" \/>\n\t<meta property=\"og:image:width\" content=\"800\" \/>\n\t<meta property=\"og:image:height\" content=\"450\" \/>\n\t<meta property=\"og:image:type\" content=\"image\/jpeg\" \/>\n<meta name=\"twitter:label1\" content=\"Tempo estimado de leitura\" \/>\n\t<meta name=\"twitter:data1\" content=\"4 minutos\" \/>\n<script type=\"application\/ld+json\" class=\"yoast-schema-graph\">{\"@context\":\"https:\/\/schema.org\",\"@graph\":[{\"@type\":\"WebPage\",\"@id\":\"https:\/\/www.montedocasarao.com\/pt-pt\/hoe-het-begon\/verwarming\/\",\"url\":\"https:\/\/www.montedocasarao.com\/pt-pt\/hoe-het-begon\/verwarming\/\",\"name\":\"Aquecimento central - Monte do Casar\u00e3o\",\"isPartOf\":{\"@id\":\"https:\/\/www.montedocasarao.com\/#website\"},\"primaryImageOfPage\":{\"@id\":\"https:\/\/www.montedocasarao.com\/pt-pt\/hoe-het-begon\/verwarming\/#primaryimage\"},\"image\":{\"@id\":\"https:\/\/www.montedocasarao.com\/pt-pt\/hoe-het-begon\/verwarming\/#primaryimage\"},\"thumbnailUrl\":\"https:\/\/www.montedocasarao.com\/wp-content\/uploads\/2015\/03\/Vakantie-in-Portugal-MdC-Hout-cv-800x4501.jpg\",\"datePublished\":\"2015-03-15T15:33:53+00:00\",\"dateModified\":\"2020-05-22T10:56:22+00:00\",\"breadcrumb\":{\"@id\":\"https:\/\/www.montedocasarao.com\/pt-pt\/hoe-het-begon\/verwarming\/#breadcrumb\"},\"inLanguage\":\"pt-PT\",\"potentialAction\":[{\"@type\":\"ReadAction\",\"target\":[\"https:\/\/www.montedocasarao.com\/pt-pt\/hoe-het-begon\/verwarming\/\"]}]},{\"@type\":\"ImageObject\",\"inLanguage\":\"pt-PT\",\"@id\":\"https:\/\/www.montedocasarao.com\/pt-pt\/hoe-het-begon\/verwarming\/#primaryimage\",\"url\":\"https:\/\/www.montedocasarao.com\/wp-content\/uploads\/2015\/03\/Vakantie-in-Portugal-MdC-Hout-cv-800x4501.jpg\",\"contentUrl\":\"https:\/\/www.montedocasarao.com\/wp-content\/uploads\/2015\/03\/Vakantie-in-Portugal-MdC-Hout-cv-800x4501.jpg\",\"width\":800,\"height\":450},{\"@type\":\"BreadcrumbList\",\"@id\":\"https:\/\/www.montedocasarao.com\/pt-pt\/hoe-het-begon\/verwarming\/#breadcrumb\",\"itemListElement\":[{\"@type\":\"ListItem\",\"position\":1,\"name\":\"Home\",\"item\":\"https:\/\/www.montedocasarao.com\/pt-pt\/\"},{\"@type\":\"ListItem\",\"position\":2,\"name\":\"Hist\u00f3ria\",\"item\":\"https:\/\/www.montedocasarao.com\/pt-pt\/hoe-het-begon\/\"},{\"@type\":\"ListItem\",\"position\":3,\"name\":\"Aquecimento central\"}]},{\"@type\":\"WebSite\",\"@id\":\"https:\/\/www.montedocasarao.com\/#website\",\"url\":\"https:\/\/www.montedocasarao.com\/\",\"name\":\"Monte do Casar\u00e3o\",\"description\":\"\",\"publisher\":{\"@id\":\"https:\/\/www.montedocasarao.com\/#organization\"},\"potentialAction\":[{\"@type\":\"SearchAction\",\"target\":{\"@type\":\"EntryPoint\",\"urlTemplate\":\"https:\/\/www.montedocasarao.com\/?s={search_term_string}\"},\"query-input\":{\"@type\":\"PropertyValueSpecification\",\"valueRequired\":true,\"valueName\":\"search_term_string\"}}],\"inLanguage\":\"pt-PT\"},{\"@type\":\"Organization\",\"@id\":\"https:\/\/www.montedocasarao.com\/#organization\",\"name\":\"Monte do Casar\u00e3o\",\"url\":\"https:\/\/www.montedocasarao.com\/\",\"logo\":{\"@type\":\"ImageObject\",\"inLanguage\":\"pt-PT\",\"@id\":\"https:\/\/www.montedocasarao.com\/#\/schema\/logo\/image\/\",\"url\":\"https:\/\/www.montedocasarao.com\/wp-content\/uploads\/2018\/02\/logo_monte_small.png\",\"contentUrl\":\"https:\/\/www.montedocasarao.com\/wp-content\/uploads\/2018\/02\/logo_monte_small.png\",\"width\":270,\"height\":76,\"caption\":\"Monte do Casar\u00e3o\"},\"image\":{\"@id\":\"https:\/\/www.montedocasarao.com\/#\/schema\/logo\/image\/\"},\"sameAs\":[\"https:\/\/www.facebook.com\/MonteDoCasarao\"]}]}<\/script>\n<!-- \/ Yoast SEO plugin. -->","yoast_head_json":{"title":"Aquecimento central - Monte do Casar\u00e3o","robots":{"index":"index","follow":"follow","max-snippet":"max-snippet:-1","max-image-preview":"max-image-preview:large","max-video-preview":"max-video-preview:-1"},"canonical":"https:\/\/www.montedocasarao.com\/pt-pt\/hoe-het-begon\/verwarming\/","og_locale":"pt_PT","og_type":"article","og_title":"Aquecimento central - Monte do Casar\u00e3o","og_description":"[vc_row fullwidth=&#8221;true&#8221; fullwidth_content=&#8221;false&#8221; el_class=&#8221;background-monte-row-home showcase-image&#8221; css=&#8221;.vc_custom_1519055807128{margin-top: 0px !important;margin-right: 0px !important;margin-bottom: 0px !important;margin-left: 0px !important;padding-top: 0px !important;padding-right: 0px !important;padding-bottom: 0px !important;padding-left: 0px !important;}&#8221;][vc_column css=&#8221;.vc_custom_1519055822648{margin-top: 0px !important;margin-right: 0px !important;margin-bottom: 0px !important;margin-left: 0px !important;padding-top: 0px !important;padding-right: 0px !important;padding-bottom: 0px !important;padding-left: 0px !important;}&#8221;][vc_single_image image=&#8221;4358&#8243; img_size=&#8221;full&#8221; alignment=&#8221;center&#8221;][\/vc_column][\/vc_row][vc_row css=&#8221;.vc_custom_1426433093155{padding-bottom: 2% !important;}&#8221; boxedcontent=&#8221;boxed&#8221;][vc_column width=&#8221;1\/6&#8243;][\/vc_column][vc_column width=&#8221;2\/3&#8243;][vc_column_text css=&#8221;.vc_custom_1590144971889{margin-bottom: 0px !important;}&#8221;] AQUECIMENTO CENTRAL Em final [&hellip;]","og_url":"https:\/\/www.montedocasarao.com\/pt-pt\/hoe-het-begon\/verwarming\/","og_site_name":"Monte do Casar\u00e3o","article_publisher":"https:\/\/www.facebook.com\/MonteDoCasarao","article_modified_time":"2020-05-22T10:56:22+00:00","og_image":[{"width":800,"height":450,"url":"https:\/\/www.montedocasarao.com\/wp-content\/uploads\/2015\/03\/Vakantie-in-Portugal-MdC-Hout-cv-800x4501.jpg","type":"image\/jpeg"}],"twitter_misc":{"Tempo estimado de leitura":"4 minutos"},"schema":{"@context":"https:\/\/schema.org","@graph":[{"@type":"WebPage","@id":"https:\/\/www.montedocasarao.com\/pt-pt\/hoe-het-begon\/verwarming\/","url":"https:\/\/www.montedocasarao.com\/pt-pt\/hoe-het-begon\/verwarming\/","name":"Aquecimento central - Monte do Casar\u00e3o","isPartOf":{"@id":"https:\/\/www.montedocasarao.com\/#website"},"primaryImageOfPage":{"@id":"https:\/\/www.montedocasarao.com\/pt-pt\/hoe-het-begon\/verwarming\/#primaryimage"},"image":{"@id":"https:\/\/www.montedocasarao.com\/pt-pt\/hoe-het-begon\/verwarming\/#primaryimage"},"thumbnailUrl":"https:\/\/www.montedocasarao.com\/wp-content\/uploads\/2015\/03\/Vakantie-in-Portugal-MdC-Hout-cv-800x4501.jpg","datePublished":"2015-03-15T15:33:53+00:00","dateModified":"2020-05-22T10:56:22+00:00","breadcrumb":{"@id":"https:\/\/www.montedocasarao.com\/pt-pt\/hoe-het-begon\/verwarming\/#breadcrumb"},"inLanguage":"pt-PT","potentialAction":[{"@type":"ReadAction","target":["https:\/\/www.montedocasarao.com\/pt-pt\/hoe-het-begon\/verwarming\/"]}]},{"@type":"ImageObject","inLanguage":"pt-PT","@id":"https:\/\/www.montedocasarao.com\/pt-pt\/hoe-het-begon\/verwarming\/#primaryimage","url":"https:\/\/www.montedocasarao.com\/wp-content\/uploads\/2015\/03\/Vakantie-in-Portugal-MdC-Hout-cv-800x4501.jpg","contentUrl":"https:\/\/www.montedocasarao.com\/wp-content\/uploads\/2015\/03\/Vakantie-in-Portugal-MdC-Hout-cv-800x4501.jpg","width":800,"height":450},{"@type":"BreadcrumbList","@id":"https:\/\/www.montedocasarao.com\/pt-pt\/hoe-het-begon\/verwarming\/#breadcrumb","itemListElement":[{"@type":"ListItem","position":1,"name":"Home","item":"https:\/\/www.montedocasarao.com\/pt-pt\/"},{"@type":"ListItem","position":2,"name":"Hist\u00f3ria","item":"https:\/\/www.montedocasarao.com\/pt-pt\/hoe-het-begon\/"},{"@type":"ListItem","position":3,"name":"Aquecimento central"}]},{"@type":"WebSite","@id":"https:\/\/www.montedocasarao.com\/#website","url":"https:\/\/www.montedocasarao.com\/","name":"Monte do Casar\u00e3o","description":"","publisher":{"@id":"https:\/\/www.montedocasarao.com\/#organization"},"potentialAction":[{"@type":"SearchAction","target":{"@type":"EntryPoint","urlTemplate":"https:\/\/www.montedocasarao.com\/?s={search_term_string}"},"query-input":{"@type":"PropertyValueSpecification","valueRequired":true,"valueName":"search_term_string"}}],"inLanguage":"pt-PT"},{"@type":"Organization","@id":"https:\/\/www.montedocasarao.com\/#organization","name":"Monte do Casar\u00e3o","url":"https:\/\/www.montedocasarao.com\/","logo":{"@type":"ImageObject","inLanguage":"pt-PT","@id":"https:\/\/www.montedocasarao.com\/#\/schema\/logo\/image\/","url":"https:\/\/www.montedocasarao.com\/wp-content\/uploads\/2018\/02\/logo_monte_small.png","contentUrl":"https:\/\/www.montedocasarao.com\/wp-content\/uploads\/2018\/02\/logo_monte_small.png","width":270,"height":76,"caption":"Monte do Casar\u00e3o"},"image":{"@id":"https:\/\/www.montedocasarao.com\/#\/schema\/logo\/image\/"},"sameAs":["https:\/\/www.facebook.com\/MonteDoCasarao"]}]}},"_links":{"self":[{"href":"https:\/\/www.montedocasarao.com\/pt-pt\/wp-json\/wp\/v2\/pages\/8176","targetHints":{"allow":["GET"]}}],"collection":[{"href":"https:\/\/www.montedocasarao.com\/pt-pt\/wp-json\/wp\/v2\/pages"}],"about":[{"href":"https:\/\/www.montedocasarao.com\/pt-pt\/wp-json\/wp\/v2\/types\/page"}],"author":[{"embeddable":true,"href":"https:\/\/www.montedocasarao.com\/pt-pt\/wp-json\/wp\/v2\/users\/5"}],"replies":[{"embeddable":true,"href":"https:\/\/www.montedocasarao.com\/pt-pt\/wp-json\/wp\/v2\/comments?post=8176"}],"version-history":[{"count":5,"href":"https:\/\/www.montedocasarao.com\/pt-pt\/wp-json\/wp\/v2\/pages\/8176\/revisions"}],"predecessor-version":[{"id":14378,"href":"https:\/\/www.montedocasarao.com\/pt-pt\/wp-json\/wp\/v2\/pages\/8176\/revisions\/14378"}],"up":[{"embeddable":true,"href":"https:\/\/www.montedocasarao.com\/pt-pt\/wp-json\/wp\/v2\/pages\/8162"}],"wp:featuredmedia":[{"embeddable":true,"href":"https:\/\/www.montedocasarao.com\/pt-pt\/wp-json\/wp\/v2\/media\/4357"}],"wp:attachment":[{"href":"https:\/\/www.montedocasarao.com\/pt-pt\/wp-json\/wp\/v2\/media?parent=8176"}],"curies":[{"name":"wp","href":"https:\/\/api.w.org\/{rel}","templated":true}]}}